{"id":11842,"date":"2025-10-22T17:23:32","date_gmt":"2025-10-22T21:23:32","guid":{"rendered":"https:\/\/www.archspm.org\/?post_type=events&#038;p=11842"},"modified":"2025-10-22T17:25:10","modified_gmt":"2025-10-22T21:25:10","slug":"archdiocesan-council-of-catholic-women-accw-morning-of-reflection","status":"publish","type":"events","link":"https:\/\/www.archspm.org\/es\/events\/archdiocesan-council-of-catholic-women-accw-morning-of-reflection\/","title":{"rendered":"Consejo Arquidiocesano de Mujeres Cat\u00f3licas (ACCW) \u2013 Ma\u00f1ana de reflexi\u00f3n"},"content":{"rendered":"<p><strong>Date:\u00a0<\/strong>S\u00e1bado, 15 de noviembre<br \/>\n<strong>Hora de inicio:\u00a0<\/strong>8 de la ma\u00f1ana.<br \/>\n<strong>Hora de finalizaci\u00f3n:\u00a0<\/strong>Mediod\u00eda<br \/>\n<strong>Ubicaci\u00f3n:\u00a0<\/strong><a href=\"https:\/\/www.archspm.org\/es\/location\/epiphany-catholic-church\/\">Epifan\u00eda, Coon Rapids<\/a><br \/>\n<strong>Inscripci\u00f3n:\u00a0<\/strong><a href=\"https:\/\/secure.acceptiva.com\/?cst=9MicAi\" target=\"_blank\" rel=\"noopener\">Pulse aqu\u00ed<\/a><\/p>\n<p>\u00danete al Consejo Arquidiocesano de Mujeres Cat\u00f3licas para esta ma\u00f1ana de reflexi\u00f3n. La jornada comenzar\u00e1 con una misa oficiada por el obispo Kevin Kenney, quien hablar\u00e1 sobre \u2018Caminar de la mano del Se\u00f1or\u2019.\u2019<\/p>\n<p><strong>Material promocional:<\/strong><\/p>\n<ul>\n<li><a href=\"https:\/\/archspmmainsite.s3.us-east-1.amazonaws.com\/Events\/2025\/2025+Morning+of+Reflection.pdf\" target=\"_blank\" rel=\"noopener\">Folleto<\/a><\/li>\n<\/ul>","protected":false},"featured_media":4712,"template":"","class_list":["post-11842","events","type-events","status-publish","has-post-thumbnail","hentry"],"_links":{"self":[{"href":"https:\/\/www.archspm.org\/es\/wp-json\/wp\/v2\/events\/11842","targetHints":{"allow":["GET"]}}],"collection":[{"href":"https:\/\/www.archspm.org\/es\/wp-json\/wp\/v2\/events"}],"about":[{"href":"https:\/\/www.archspm.org\/es\/wp-json\/wp\/v2\/types\/events"}],"version-history":[{"count":0,"href":"https:\/\/www.archspm.org\/es\/wp-json\/wp\/v2\/events\/11842\/revisions"}],"wp:featuredmedia":[{"embeddable":true,"href":"https:\/\/www.archspm.org\/es\/wp-json\/wp\/v2\/media\/4712"}],"wp:attachment":[{"href":"https:\/\/www.archspm.org\/es\/wp-json\/wp\/v2\/media?parent=11842"}],"curies":[{"name":"wp","href":"https:\/\/api.w.org\/{rel}","templated":true}]}}