{"id":1074,"date":"2019-01-14T15:26:01","date_gmt":"2019-01-14T20:26:01","guid":{"rendered":"https:\/\/www.archspm.org\/inmigracion\/"},"modified":"2025-12-05T12:01:32","modified_gmt":"2025-12-05T17:01:32","slug":"inmigracion","status":"publish","type":"page","link":"https:\/\/www.archspm.org\/es\/inmigracion\/","title":{"rendered":"Inmigraci\u00f3n"},"content":{"rendered":"<div data-elementor-type=\"wp-page\" data-elementor-id=\"1074\" class=\"elementor elementor-1074\" data-elementor-post-type=\"page\">\n\t\t\t\t<div class=\"elementor-element elementor-element-a59e285 e-flex e-con-boxed e-con e-parent\" data-id=\"a59e285\" data-element_type=\"container\" data-e-type=\"container\" data-settings=\"{&quot;background_background&quot;:&quot;classic&quot;,&quot;jet_parallax_layout_list&quot;:[]}\">\n\t\t\t\t\t<div class=\"e-con-inner\">\n\t\t\t\t<div class=\"elementor-element elementor-element-a38287d elementor-widget elementor-widget-text-editor\" data-id=\"a38287d\" data-element_type=\"widget\" data-e-type=\"widget\" data-widget_type=\"text-editor.default\">\n\t\t\t\t\t\t\t\t\t<div class=\"vc_message_box vc_message_box-standard vc_message_box-rounded vc_color-info vc_do_message\"><h5><a href=\"https:\/\/archspmmainsite.s3.us-east-1.amazonaws.com\/News\/2025\/25.0207+MN+Bishops+Immigration+Statement+SP.pdf\" target=\"_blank\" rel=\"noopener\">Declaraci\u00f3n de los obispos de Minnesota sobre la inmigraci\u00f3n<\/a><\/h5><p><em>(<a href=\"https:\/\/www.archspm.org\/es\/minnesota-bishops-statement-on-immigration-law-and-the-common-good-of-the-nation\/\">Declaraci\u00f3n de los obispos de Minnesota sobre la ley de inmigraci\u00f3n y el bien com\u00fan de la naci\u00f3n<\/a>)<\/em><\/p><\/div><div class=\"vc_message_box vc_message_box-standard vc_message_box-rounded vc_color-info vc_do_message\"><div class=\"vc_message_box-icon\">\u00a0<\/div><h5><a href=\"https:\/\/www.vatican.va\/content\/francesco\/es\/letters\/2025\/documents\/20250210-lettera-vescovi-usa.html\" target=\"_blank\" rel=\"noopener\">Carta del Santo Padre a los obispos de los Estados Unidos<\/a><\/h5><p><em>(<a href=\"https:\/\/press.vatican.va\/content\/salastampa\/it\/bollettino\/pubblico\/2025\/02\/11\/0127\/00261.html\" target=\"_blank\" rel=\"noopener\">Carta del Santo Padre a los obispos de EE.UU.<\/a>)<\/em><\/p><\/div>\t\t\t\t\t\t\t\t<\/div>\n\t\t\t\t\t<\/div>\n\t\t\t\t<\/div>\n\t\t<div class=\"elementor-element elementor-element-298c812a e-flex e-con-boxed e-con e-parent\" data-id=\"298c812a\" data-element_type=\"container\" data-e-type=\"container\" data-settings=\"{&quot;jet_parallax_layout_list&quot;:[]}\">\n\t\t\t\t\t<div class=\"e-con-inner\">\n\t\t\t\t<div class=\"elementor-element elementor-element-1b30c99 elementor-widget elementor-widget-text-editor\" data-id=\"1b30c99\" data-element_type=\"widget\" data-e-type=\"widget\" data-widget_type=\"text-editor.default\">\n\t\t\t\t\t\t\t\t\t<p>La ense\u00f1anza social cat\u00f3lica nos da la base para la manera en la que la Iglesia aborda los temas relacionados con la migraci\u00f3n. Haciendo una reflexi\u00f3n sobre las Escrituras y las ense\u00f1anzas morales de la Iglesia, los principios del episcopado sobre la migraci\u00f3n inspiran el enfoque de las pol\u00edticas migratorias que, generalmente, toman las instituciones cat\u00f3licas y los cat\u00f3licos. Comprender c\u00f3mo la tradici\u00f3n de ense\u00f1anza de la Iglesia informa su posici\u00f3n sobre la migraci\u00f3n ayudar\u00e1 a los cat\u00f3licos y a otras personas de buena voluntad a entender mejor c\u00f3mo estos principios pueden y deben ponerse en pr\u00e1ctica. Los recursos que se presentan aqu\u00ed les ayudar\u00e1n a informarse mejor acerca de las ense\u00f1anzas sociales de la Iglesia relacionadas a la migraci\u00f3n y c\u00f3mo ustedes pueden ayudar a conseguir un cambio positivo. (Fuente: <a href=\"https:\/\/justiceforimmigrants.org\/about-us\/catholic-social-teaching\/\" target=\"_blank\" rel=\"noopener\">Justicia para los inmigrantes: Ense\u00f1anza social cat\u00f3lica<\/a>)<\/p><h4><a href=\"https:\/\/www.archspm.org\/es\/contact-form-ministerio-latino\/\"><strong>Formulario: Solicitar Ayuda<\/strong><\/a><\/h4><h2>Recursos<\/h2><ul><li><a href=\"https:\/\/justiceforimmigrants.org\/wp-content\/uploads\/2025\/12\/You-Are-Not-Alone-sp.pdf\" target=\"_blank\" rel=\"noopener\">No est\u00e1s solo<\/a><ul><li><a href=\"https:\/\/justiceforimmigrants.org\/you-are-not-alone\/\" target=\"_blank\" rel=\"noopener\">No est\u00e1s solo (Conferencia de Obispos Cat\u00f3licos de los Estados Unidos)<\/a><\/li><\/ul><\/li><li class=\"resources_wrapper\"><a href=\"https:\/\/www.cliniclegal.org\/resources\/protecting-your-community\/know-your-rights\/know-your-rights-flyers\" target=\"_blank\" rel=\"noopener\">Conozca Sus Derechos (Folletos) - CLINIC<\/a><\/li><li class=\"resources_wrapper\"><a href=\"https:\/\/justiceforimmigrants.org\/\" target=\"_blank\" rel=\"noopener\">Justicia para los inmigrantes<\/a><\/li><li class=\"resources_wrapper\"><a href=\"https:\/\/www.mncatholic.org\/migration\" target=\"_blank\" rel=\"noopener\">Conferencia Cat\u00f3lica de Minnesota: Migraci\u00f3n<\/a><\/li><li class=\"resources_wrapper\"><a href=\"https:\/\/www.cliniclegal.org\/\" target=\"_blank\" rel=\"noopener\">Red Cat\u00f3lica de Inmigraci\u00f3n Legal (CLINIC)<\/a><\/li><\/ul>\t\t\t\t\t\t\t\t<\/div>\n\t\t\t\t\t<\/div>\n\t\t\t\t<\/div>\n\t\t\t\t<\/div>","protected":false},"excerpt":{"rendered":"<p>Declaraci\u00f3n de los obispos de Minnesota sobre la inmigraci\u00f3n (Minnesota Bishops Statement on Immigration Law and the Common Good of the Nation) \u00a0 Carta del Santo Padre a los obispos de los Estados Unidos (Letter from the Holy Father to the U.S. Bishops) La ense\u00f1anza social cat\u00f3lica nos da la base para la manera en [&hellip;]<\/p>\n","protected":false},"author":2,"featured_media":8280,"parent":0,"menu_order":0,"comment_status":"closed","ping_status":"closed","template":"","meta":{"footnotes":""},"class_list":["post-1074","page","type-page","status-publish","has-post-thumbnail","hentry"],"_links":{"self":[{"href":"https:\/\/www.archspm.org\/es\/wp-json\/wp\/v2\/pages\/1074","targetHints":{"allow":["GET"]}}],"collection":[{"href":"https:\/\/www.archspm.org\/es\/wp-json\/wp\/v2\/pages"}],"about":[{"href":"https:\/\/www.archspm.org\/es\/wp-json\/wp\/v2\/types\/page"}],"author":[{"embeddable":true,"href":"https:\/\/www.archspm.org\/es\/wp-json\/wp\/v2\/users\/2"}],"replies":[{"embeddable":true,"href":"https:\/\/www.archspm.org\/es\/wp-json\/wp\/v2\/comments?post=1074"}],"version-history":[{"count":0,"href":"https:\/\/www.archspm.org\/es\/wp-json\/wp\/v2\/pages\/1074\/revisions"}],"wp:featuredmedia":[{"embeddable":true,"href":"https:\/\/www.archspm.org\/es\/wp-json\/wp\/v2\/media\/8280"}],"wp:attachment":[{"href":"https:\/\/www.archspm.org\/es\/wp-json\/wp\/v2\/media?parent=1074"}],"curies":[{"name":"wp","href":"https:\/\/api.w.org\/{rel}","templated":true}]}}