{"id":13647,"date":"2026-01-21T23:06:04","date_gmt":"2026-01-22T04:06:04","guid":{"rendered":"https:\/\/www.archspm.org\/?page_id=13647"},"modified":"2026-03-27T10:27:48","modified_gmt":"2026-03-27T14:27:48","slug":"director-of-catholic-education-superintendent-search","status":"publish","type":"page","link":"https:\/\/www.archspm.org\/es\/director-of-catholic-education-superintendent-search\/","title":{"rendered":"Director de Educaci\u00f3n Cat\u00f3lica y Superintendente de Escuelas"},"content":{"rendered":"<div data-elementor-type=\"wp-page\" data-elementor-id=\"13647\" class=\"elementor elementor-13647\" data-elementor-post-type=\"page\">\n\t\t\t\t<div class=\"elementor-element elementor-element-4349b56 e-flex e-con-boxed e-con e-parent\" data-id=\"4349b56\" data-element_type=\"container\" data-e-type=\"container\" data-settings=\"{&quot;jet_parallax_layout_list&quot;:[]}\">\n\t\t\t\t\t<div class=\"e-con-inner\">\n\t\t\t\t<div class=\"elementor-element elementor-element-d8a997e elementor-widget__width-initial elementor-widget elementor-widget-image\" data-id=\"d8a997e\" data-element_type=\"widget\" data-e-type=\"widget\" data-widget_type=\"image.default\">\n\t\t\t\t\t\t\t\t\t\t\t\t\t\t\t<img fetchpriority=\"high\" decoding=\"async\" width=\"300\" height=\"200\" src=\"https:\/\/www.archspm.org\/wp-content\/uploads\/2025\/10\/CatholicSchools_featured-300x200.webp\" class=\"attachment-medium size-medium wp-image-11963\" alt=\"\" srcset=\"https:\/\/www.archspm.org\/wp-content\/uploads\/2025\/10\/CatholicSchools_featured-300x200.webp 300w, https:\/\/www.archspm.org\/wp-content\/uploads\/2025\/10\/CatholicSchools_featured-18x12.webp 18w, https:\/\/www.archspm.org\/wp-content\/uploads\/2025\/10\/CatholicSchools_featured.webp 400w\" sizes=\"(max-width: 300px) 100vw, 300px\" \/>\t\t\t\t\t\t\t\t\t\t\t\t\t\t\t<\/div>\n\t\t\t\t<div class=\"elementor-element elementor-element-d35bd84 elementor-widget elementor-widget-text-editor\" data-id=\"d35bd84\" data-element_type=\"widget\" data-e-type=\"widget\" data-widget_type=\"text-editor.default\">\n\t\t\t\t\t\t\t\t\t<h2 style=\"text-align: center;\">Director de Educaci\u00f3n Cat\u00f3lica y Superintendente de Escuelas<\/h2><p style=\"text-align: center;\">La Arquidi\u00f3cesis de Saint Paul y Minneapolis ha iniciado una b\u00fasqueda a nivel nacional para encontrar a su pr\u00f3ximo Director de Educaci\u00f3n Cat\u00f3lica y Superintendente de Escuelas, un l\u00edder visionario llamado a guiar y fortalecer las escuelas cat\u00f3licas y los programas de catequesis parroquiales, colaborando estrechamente con el arzobispo, los p\u00e1rrocos, los directores de escuela, el clero y las familias para fomentar un sistema de educaci\u00f3n cat\u00f3lica unificado y pr\u00f3spero.<\/p><p style=\"text-align: center;\"><strong>Fecha prevista de inicio:<\/strong> Julio de 2026<\/p>\t\t\t\t\t\t\t\t<\/div>\n\t\t\t\t\t<\/div>\n\t\t\t\t<\/div>\n\t\t<div class=\"elementor-element elementor-element-aa1b50b e-flex e-con-boxed e-con e-parent\" data-id=\"aa1b50b\" data-element_type=\"container\" data-e-type=\"container\" data-settings=\"{&quot;jet_parallax_layout_list&quot;:[]}\">\n\t\t\t\t\t<div class=\"e-con-inner\">\n\t\t<div class=\"elementor-element elementor-element-ca6ced0 e-con-full e-flex e-con e-child\" data-id=\"ca6ced0\" data-element_type=\"container\" data-e-type=\"container\" data-settings=\"{&quot;jet_parallax_layout_list&quot;:[]}\">\n\t\t\t\t<div class=\"elementor-element elementor-element-54e00ab elementor-widget elementor-widget-text-editor\" data-id=\"54e00ab\" data-element_type=\"widget\" data-e-type=\"widget\" data-widget_type=\"text-editor.default\">\n\t\t\t\t\t\t\t\t\t<h2>Acerca del puesto<\/h2><p><span style=\"font-weight: 400;\">El Director de Educaci\u00f3n Cat\u00f3lica y Superintendente de Escuelas ejerce como m\u00e1ximo responsable educativo de las escuelas cat\u00f3licas y los programas de catequesis parroquiales de toda la Arquidi\u00f3cesis, colaborando estrechamente con el Arzobispo, los p\u00e1rrocos, los directores de escuela, el clero y las familias para fomentar un sistema de educaci\u00f3n cat\u00f3lica unificado y pr\u00f3spero. El Director es responsable del liderazgo estrat\u00e9gico, la excelencia operativa y la formaci\u00f3n espiritual en todas las escuelas primarias y secundarias cat\u00f3licas de la Arquidi\u00f3cesis, adem\u00e1s de garantizar la eficacia de todos los programas de catequesis parroquiales.<\/span><\/p><p><span style=\"font-weight: 400;\">El director de Educaci\u00f3n Cat\u00f3lica y superintendente de escuelas:<\/span><\/p><ul><li style=\"font-weight: 400;\" aria-level=\"1\"><span style=\"font-weight: 400;\">Promover la misi\u00f3n y la identidad de la educaci\u00f3n cat\u00f3lica, velando por que los valores del Evangelio y las ense\u00f1anzas de la Iglesia impregnen todos los aspectos del sistema escolar y los programas catequ\u00e9ticos parroquiales.<\/span><\/li><li style=\"font-weight: 400;\" aria-level=\"1\"><span style=\"font-weight: 400;\">Ofrecer un liderazgo educativo visionario que respalde y potencie el rigor acad\u00e9mico, la formaci\u00f3n en la fe y el desarrollo de los alumnos en todos los grados y contextos.<\/span><\/li><li style=\"font-weight: 400;\" aria-level=\"1\"><span style=\"font-weight: 400;\">Colaborar con los p\u00e1rrocos, los directores de escuela y la Oficina para la Misi\u00f3n de la Educaci\u00f3n Cat\u00f3lica con el fin de implementar pol\u00edticas y recursos coherentes que refuercen la armonizaci\u00f3n a nivel de todo el sistema entre las escuelas y los programas de catequesis parroquiales.<\/span><\/li><li style=\"font-weight: 400;\" aria-level=\"1\"><span style=\"font-weight: 400;\">Fomentar la vitalidad operativa, lo que incluye el aumento de la matr\u00edcula, la contrataci\u00f3n y retenci\u00f3n de educadores cat\u00f3licos destacados, y una gesti\u00f3n financiera sostenible.<\/span><\/li><li style=\"font-weight: 400;\" aria-level=\"1\"><span style=\"font-weight: 400;\">Ser una presencia pastoral y un embajador, forjando relaciones con las familias, las comunidades parroquiales, los socios c\u00edvicos y los benefactores para impulsar la visi\u00f3n y el apoyo a las escuelas cat\u00f3licas y los programas de catequesis.<\/span><\/li><\/ul><div><p><span style=\"font-weight: 400;\">El pr\u00f3ximo director de Educaci\u00f3n Cat\u00f3lica y superintendente de escuelas ser\u00e1 un colaborador de confianza, un comunicador experto y un l\u00edder lleno de fe que defienda la dignidad de todos los estudiantes y educadores de la Arquidi\u00f3cesis.<\/span><\/p><\/div>\t\t\t\t\t\t\t\t<\/div>\n\t\t\t\t<\/div>\n\t\t<div class=\"elementor-element elementor-element-f5c4e72 e-con-full e-flex e-con e-child\" data-id=\"f5c4e72\" data-element_type=\"container\" data-e-type=\"container\" data-settings=\"{&quot;jet_parallax_layout_list&quot;:[]}\">\n\t\t\t\t<div class=\"elementor-element elementor-element-a4370a4 elementor-widget elementor-widget-image\" data-id=\"a4370a4\" data-element_type=\"widget\" data-e-type=\"widget\" data-widget_type=\"image.default\">\n\t\t\t\t\t\t\t\t\t\t\t\t\t\t\t<img decoding=\"async\" width=\"800\" height=\"534\" src=\"https:\/\/www.archspm.org\/wp-content\/uploads\/2025\/03\/Unity-Catholic-High-School-5-1-1024x683.jpg\" class=\"attachment-large size-large wp-image-6783\" alt=\"\" srcset=\"https:\/\/www.archspm.org\/wp-content\/uploads\/2025\/03\/Unity-Catholic-High-School-5-1-1024x683.jpg 1024w, https:\/\/www.archspm.org\/wp-content\/uploads\/2025\/03\/Unity-Catholic-High-School-5-1-300x200.jpg 300w, https:\/\/www.archspm.org\/wp-content\/uploads\/2025\/03\/Unity-Catholic-High-School-5-1-768x512.jpg 768w, https:\/\/www.archspm.org\/wp-content\/uploads\/2025\/03\/Unity-Catholic-High-School-5-1-1536x1024.jpg 1536w, https:\/\/www.archspm.org\/wp-content\/uploads\/2025\/03\/Unity-Catholic-High-School-5-1-2048x1365.jpg 2048w\" sizes=\"(max-width: 800px) 100vw, 800px\" \/>\t\t\t\t\t\t\t\t\t\t\t\t\t\t\t<\/div>\n\t\t<div class=\"elementor-element elementor-element-8740fb1 e-con-full e-flex e-con e-child\" data-id=\"8740fb1\" data-element_type=\"container\" data-e-type=\"container\" data-settings=\"{&quot;jet_parallax_layout_list&quot;:[]}\">\n\t\t\t\t<div class=\"elementor-element elementor-element-d6add8f elementor-widget elementor-widget-image\" data-id=\"d6add8f\" data-element_type=\"widget\" data-e-type=\"widget\" data-widget_type=\"image.default\">\n\t\t\t\t\t\t\t\t\t\t\t\t\t\t\t\t<a href=\"https:\/\/partnersinmission.com\/director-of-catholic-education-superintendent-search-twin-cities\" target=\"_blank\" rel=\"noopener\">\n\t\t\t\t\t\t\t<img decoding=\"async\" width=\"383\" height=\"119\" src=\"https:\/\/www.archspm.org\/wp-content\/uploads\/2026\/01\/PartnersinMission.webp\" class=\"attachment-large size-large wp-image-13648\" alt=\"\" srcset=\"https:\/\/www.archspm.org\/wp-content\/uploads\/2026\/01\/PartnersinMission.webp 383w, https:\/\/www.archspm.org\/wp-content\/uploads\/2026\/01\/PartnersinMission-300x93.webp 300w, https:\/\/www.archspm.org\/wp-content\/uploads\/2026\/01\/PartnersinMission-18x6.webp 18w\" sizes=\"(max-width: 383px) 100vw, 383px\" \/>\t\t\t\t\t\t\t\t<\/a>\n\t\t\t\t\t\t\t\t\t\t\t\t\t\t\t<\/div>\n\t\t\t\t<div class=\"elementor-element elementor-element-2649bc9 elementor-align-center elementor-widget elementor-widget-button\" data-id=\"2649bc9\" data-element_type=\"widget\" data-e-type=\"widget\" data-widget_type=\"button.default\">\n\t\t\t\t\t\t\t\t\t\t<a class=\"elementor-button elementor-button-link elementor-size-sm\" href=\"https:\/\/partnersinmission.com\/director-of-catholic-education-superintendent-search-twin-cities\" target=\"_blank\" rel=\"noopener\">\n\t\t\t\t\t\t<span class=\"elementor-button-content-wrapper\">\n\t\t\t\t\t\t\t\t\t<span class=\"elementor-button-text\">M\u00e1s informaci\u00f3n sobre el puesto<\/span>\n\t\t\t\t\t<\/span>\n\t\t\t\t\t<\/a>\n\t\t\t\t\t\t\t\t<\/div>\n\t\t\t\t<div class=\"elementor-element elementor-element-c396cb4 elementor-align-center elementor-widget elementor-widget-button\" data-id=\"c396cb4\" data-element_type=\"widget\" data-e-type=\"widget\" data-widget_type=\"button.default\">\n\t\t\t\t\t\t\t\t\t\t<a class=\"elementor-button elementor-button-link elementor-size-sm\" href=\"https:\/\/app.loxo.co\/job\/MzYxNzAtYTZkZDN5MHAyYzE3d2llag==?t=1768951147086\" target=\"_blank\" rel=\"noopener\">\n\t\t\t\t\t\t<span class=\"elementor-button-content-wrapper\">\n\t\t\t\t\t\t\t\t\t<span class=\"elementor-button-text\">Solicita aqu\u00ed<\/span>\n\t\t\t\t\t<\/span>\n\t\t\t\t\t<\/a>\n\t\t\t\t\t\t\t\t<\/div>\n\t\t\t\t<div class=\"elementor-element elementor-element-cf30cb8 elementor-widget elementor-widget-text-editor\" data-id=\"cf30cb8\" data-element_type=\"widget\" data-e-type=\"widget\" data-widget_type=\"text-editor.default\">\n\t\t\t\t\t\t\t\t\t<p style=\"text-align: center;\"><strong>Contacto de \u00abPartners in Mission\u00bb:<\/strong><br \/>Socio principal\u00a0<a href=\"mailto:kpietrantonio@partnersinmission.com\">Kyle Pietrantonio<\/a><\/p>\t\t\t\t\t\t\t\t<\/div>\n\t\t\t\t<\/div>\n\t\t\t\t<\/div>\n\t\t\t\t\t<\/div>\n\t\t\t\t<\/div>\n\t\t<div class=\"elementor-element elementor-element-d21aab2 e-flex e-con-boxed e-con e-parent\" data-id=\"d21aab2\" data-element_type=\"container\" data-e-type=\"container\" data-settings=\"{&quot;jet_parallax_layout_list&quot;:[]}\">\n\t\t\t\t\t<div class=\"e-con-inner\">\n\t\t<div class=\"elementor-element elementor-element-6e3028f e-con-full e-flex e-con e-child\" data-id=\"6e3028f\" data-element_type=\"container\" data-e-type=\"container\" data-settings=\"{&quot;jet_parallax_layout_list&quot;:[]}\">\n\t\t\t\t<div class=\"elementor-element elementor-element-b5c8bbc elementor-widget elementor-widget-spacer\" data-id=\"b5c8bbc\" data-element_type=\"widget\" data-e-type=\"widget\" data-widget_type=\"spacer.default\">\n\t\t\t\t\t\t\t<div class=\"elementor-spacer\">\n\t\t\t<div class=\"elementor-spacer-inner\"><\/div>\n\t\t<\/div>\n\t\t\t\t\t\t<\/div>\n\t\t\t\t<div class=\"elementor-element elementor-element-5df0266 elementor-widget elementor-widget-image\" data-id=\"5df0266\" data-element_type=\"widget\" data-e-type=\"widget\" data-widget_type=\"image.default\">\n\t\t\t\t\t\t\t\t\t\t\t\t\t\t\t<img loading=\"lazy\" decoding=\"async\" width=\"800\" height=\"534\" src=\"https:\/\/www.archspm.org\/wp-content\/uploads\/2026\/01\/parish-faith-formation-2-1024x683.jpg\" class=\"attachment-large size-large wp-image-13757\" alt=\"\" srcset=\"https:\/\/www.archspm.org\/wp-content\/uploads\/2026\/01\/parish-faith-formation-2-1024x683.jpg 1024w, https:\/\/www.archspm.org\/wp-content\/uploads\/2026\/01\/parish-faith-formation-2-300x200.jpg 300w, https:\/\/www.archspm.org\/wp-content\/uploads\/2026\/01\/parish-faith-formation-2-768x513.jpg 768w, https:\/\/www.archspm.org\/wp-content\/uploads\/2026\/01\/parish-faith-formation-2-1536x1025.jpg 1536w, https:\/\/www.archspm.org\/wp-content\/uploads\/2026\/01\/parish-faith-formation-2-2048x1367.jpg 2048w, https:\/\/www.archspm.org\/wp-content\/uploads\/2026\/01\/parish-faith-formation-2-18x12.jpg 18w\" sizes=\"(max-width: 800px) 100vw, 800px\" \/>\t\t\t\t\t\t\t\t\t\t\t\t\t\t\t<\/div>\n\t\t\t\t<div class=\"elementor-element elementor-element-ef69a98 elementor-align-center elementor-widget elementor-widget-button\" data-id=\"ef69a98\" data-element_type=\"widget\" data-e-type=\"widget\" data-widget_type=\"button.default\">\n\t\t\t\t\t\t\t\t\t\t<a class=\"elementor-button elementor-button-link elementor-size-sm\" href=\"https:\/\/archspmmainsite.s3.us-east-1.amazonaws.com\/News\/2026\/ASPM+Director+of+Catholic+Education+Search+Prospectus.pdf\" target=\"_blank\" rel=\"noopener\">\n\t\t\t\t\t\t<span class=\"elementor-button-content-wrapper\">\n\t\t\t\t\t\t\t\t\t<span class=\"elementor-button-text\">Lea el folleto informativo<\/span>\n\t\t\t\t\t<\/span>\n\t\t\t\t\t<\/a>\n\t\t\t\t\t\t\t\t<\/div>\n\t\t\t\t<\/div>\n\t\t<div class=\"elementor-element elementor-element-ad7b682 e-con-full e-flex e-con e-child\" data-id=\"ad7b682\" data-element_type=\"container\" data-e-type=\"container\" data-settings=\"{&quot;jet_parallax_layout_list&quot;:[]}\">\n\t\t\t\t<div class=\"elementor-element elementor-element-3316e87 elementor-widget elementor-widget-text-editor\" data-id=\"3316e87\" data-element_type=\"widget\" data-e-type=\"widget\" data-widget_type=\"text-editor.default\">\n\t\t\t\t\t\t\t\t\t<h2><b>Acerca de la educaci\u00f3n cat\u00f3lica en la Arquidi\u00f3cesis<\/b><\/h2><p><span style=\"font-weight: 400;\">Las escuelas cat\u00f3licas de la Arquidi\u00f3cesis de Saint Paul y Minneapolis cuentan con una larga tradici\u00f3n de colaboraci\u00f3n con los padres en la formaci\u00f3n y educaci\u00f3n de sus hijos. Con una matr\u00edcula total de m\u00e1s de 30 000 alumnos repartidos en 76 escuelas primarias y 17 escuelas secundarias de la zona metropolitana, que abarca 12 condados, las escuelas de la Arquidi\u00f3cesis <\/span><span style=\"font-weight: 400;\">ayudar a preparar a los alumnos para la vida, ofreci\u00e9ndoles una formaci\u00f3n acad\u00e9mica rigurosa, fomentando las virtudes, anim\u00e1ndolos a reconocer los dones que Dios les ha concedido e invit\u00e1ndolos a entablar una relaci\u00f3n personal con Jesucristo. Las escuelas cat\u00f3licas de la Arquidi\u00f3cesis est\u00e1n acreditadas por Lumen Accreditation, dependiente de la Universidad Cat\u00f3lica de Am\u00e9rica.<\/span><\/p><p><span style=\"font-weight: 400;\">Los programas catequ\u00e9ticos parroquiales de la Arquidi\u00f3cesis atienden a m\u00e1s de 20 000 alumnos desde preescolar hasta el \u00faltimo a\u00f1o de secundaria, ayud\u00e1ndoles a profundizar en su relaci\u00f3n con Jesucristo a trav\u00e9s de una formaci\u00f3n sistem\u00e1tica, la oraci\u00f3n y la preparaci\u00f3n para los sacramentos.<\/span><\/p><p><span style=\"font-weight: 400;\">La Arquidi\u00f3cesis sigue impulsando la misi\u00f3n de la educaci\u00f3n cat\u00f3lica con fidelidad y rigor.<\/span><\/p>\t\t\t\t\t\t\t\t<\/div>\n\t\t\t\t<\/div>\n\t\t\t\t\t<\/div>\n\t\t\t\t<\/div>\n\t\t<div class=\"elementor-element elementor-element-7857da0 e-flex e-con-boxed e-con e-parent\" data-id=\"7857da0\" data-element_type=\"container\" data-e-type=\"container\" data-settings=\"{&quot;jet_parallax_layout_list&quot;:[]}\">\n\t\t\t\t\t<div class=\"e-con-inner\">\n\t\t\t\t<div class=\"elementor-element elementor-element-7c14ed1 elementor-widget elementor-widget-heading\" data-id=\"7c14ed1\" data-element_type=\"widget\" data-e-type=\"widget\" data-widget_type=\"heading.default\">\n\t\t\t\t\t<h2 class=\"elementor-heading-title elementor-size-default\">Preguntas frecuentes<\/h2>\t\t\t\t<\/div>\n\t\t\t\t<div class=\"elementor-element elementor-element-ecc4d02 elementor-widget elementor-widget-n-accordion\" data-id=\"ecc4d02\" data-element_type=\"widget\" data-e-type=\"widget\" data-settings=\"{&quot;default_state&quot;:&quot;all_collapsed&quot;,&quot;max_items_expended&quot;:&quot;one&quot;,&quot;n_accordion_animation_duration&quot;:{&quot;unit&quot;:&quot;ms&quot;,&quot;size&quot;:400,&quot;sizes&quot;:[]}}\" data-widget_type=\"nested-accordion.default\">\n\t\t\t\t\t\t\t<div class=\"e-n-accordion\" aria-label=\"Acorde\u00f3n. Abra los enlaces con Intro o Espacio, ci\u00e9rrelos con Escape y navegue con las teclas de flecha.\">\n\t\t\t\t\t\t<details id=\"e-n-accordion-item-2480\" class=\"e-n-accordion-item\" >\n\t\t\t\t<summary class=\"e-n-accordion-item-title\" data-accordion-index=\"1\" tabindex=\"0\" aria-expanded=\"false\" aria-controls=\"e-n-accordion-item-2480\" >\n\t\t\t\t\t<span class='e-n-accordion-item-title-header'><div class=\"e-n-accordion-item-title-text\"> \u00bfQui\u00e9n dirige la b\u00fasqueda? <\/div><\/span>\n\t\t\t\t\t\t\t<span class='e-n-accordion-item-title-icon'>\n\t\t\t<span class='e-opened' ><i aria-hidden=\"true\" class=\"fas fa-minus\"><\/i><\/span>\n\t\t\t<span class='e-closed'><i aria-hidden=\"true\" class=\"fas fa-plus\"><\/i><\/span>\n\t\t<\/span>\n\n\t\t\t\t\t\t<\/summary>\n\t\t\t\t<div role=\"region\" aria-labelledby=\"e-n-accordion-item-2480\" class=\"elementor-element elementor-element-e98b53d e-con-full e-flex e-con e-child\" data-id=\"e98b53d\" data-element_type=\"container\" data-e-type=\"container\" data-settings=\"{&quot;jet_parallax_layout_list&quot;:[]}\">\n\t\t\t\t<div class=\"elementor-element elementor-element-c72fda2 elementor-widget elementor-widget-text-editor\" data-id=\"c72fda2\" data-element_type=\"widget\" data-e-type=\"widget\" data-widget_type=\"text-editor.default\">\n\t\t\t\t\t\t\t\t\t<p><span style=\"font-weight: 400;\">La Arquidi\u00f3cesis de Saint Paul y Minneapolis ha contratado <\/span><a href=\"https:\/\/partnersinmission.com\/\" target=\"_blank\" rel=\"noopener\"><span style=\"font-weight: 400;\">Socios en la misi\u00f3n: soluciones de b\u00fasqueda<\/span><\/a><span style=\"font-weight: 400;\">, la divisi\u00f3n de selecci\u00f3n de personal de Partners in Mission, una firma de consultor\u00eda reconocida a nivel nacional dedicada exclusivamente a promover la excelencia en el liderazgo de las escuelas cat\u00f3licas y en las organizaciones orientadas a una misi\u00f3n.<\/span><\/p><p><span style=\"font-weight: 400;\">Partners in Mission aporta un profundo conocimiento de la educaci\u00f3n cat\u00f3lica, basado tanto en su experiencia profesional como en su compromiso personal con la misi\u00f3n de la Iglesia. Sus consultores han colaborado con archidi\u00f3cesis, congregaciones religiosas, consejos escolares e instituciones cat\u00f3licas de todo el pa\u00eds para identificar y contratar a l\u00edderes excepcionales para una amplia gama de puestos de alta direcci\u00f3n en escuelas cat\u00f3licas y en las di\u00f3cesis.<\/span><\/p><p><span style=\"font-weight: 400;\">Partners in Mission tiene el honor de colaborar con la Arquidi\u00f3cesis en esta importante labor de discernimiento, en su b\u00fasqueda del pr\u00f3ximo director de Educaci\u00f3n Cat\u00f3lica y superintendente de escuelas.<\/span><\/p>\t\t\t\t\t\t\t\t<\/div>\n\t\t\t\t<\/div>\n\t\t\t\t\t<\/details>\n\t\t\t\t\t\t<details id=\"e-n-accordion-item-2481\" class=\"e-n-accordion-item\" >\n\t\t\t\t<summary class=\"e-n-accordion-item-title\" data-accordion-index=\"2\" tabindex=\"-1\" aria-expanded=\"false\" aria-controls=\"e-n-accordion-item-2481\" >\n\t\t\t\t\t<span class='e-n-accordion-item-title-header'><div class=\"e-n-accordion-item-title-text\"> \u00bfCu\u00e1l es la funci\u00f3n del Comit\u00e9 de Selecci\u00f3n? <\/div><\/span>\n\t\t\t\t\t\t\t<span class='e-n-accordion-item-title-icon'>\n\t\t\t<span class='e-opened' ><i aria-hidden=\"true\" class=\"fas fa-minus\"><\/i><\/span>\n\t\t\t<span class='e-closed'><i aria-hidden=\"true\" class=\"fas fa-plus\"><\/i><\/span>\n\t\t<\/span>\n\n\t\t\t\t\t\t<\/summary>\n\t\t\t\t<div role=\"region\" aria-labelledby=\"e-n-accordion-item-2481\" class=\"elementor-element elementor-element-0b53701 e-con-full e-flex e-con e-child\" data-id=\"0b53701\" data-element_type=\"container\" data-e-type=\"container\" data-settings=\"{&quot;jet_parallax_layout_list&quot;:[]}\">\n\t\t\t\t<div class=\"elementor-element elementor-element-4dbd9a7 elementor-widget elementor-widget-text-editor\" data-id=\"4dbd9a7\" data-element_type=\"widget\" data-e-type=\"widget\" data-widget_type=\"text-editor.default\">\n\t\t\t\t\t\t\t\t\t<p><span style=\"font-weight: 400;\">El Comit\u00e9 de Selecci\u00f3n tiene encomendada la tarea de dirigir el proceso de selecci\u00f3n del pr\u00f3ximo Director de Educaci\u00f3n Cat\u00f3lica y Superintendente de Escuelas de la Arquidi\u00f3cesis de Saint Paul y Minneapolis, con la orientaci\u00f3n y el apoyo profesionales de Partners in Mission.<\/span><\/p><p><span style=\"font-weight: 400;\">En estrecha colaboraci\u00f3n, el Comit\u00e9 supervisar\u00e1 todo el proceso de selecci\u00f3n, lo que incluye revisar y evaluar las solicitudes de los candidatos, realizar entrevistas con los semifinalistas y finalistas, y coordinar oportunidades estructuradas para que las partes interesadas pertinentes interact\u00faen con los principales candidatos.<\/span><\/p><p><span style=\"font-weight: 400;\">Tras estas reuniones, el Comit\u00e9 analizar\u00e1 detenidamente todos los comentarios de la comunidad, las referencias y la informaci\u00f3n de referencia antes de presentar una recomendaci\u00f3n al arzobispo para su consideraci\u00f3n y aprobaci\u00f3n definitiva.<\/span><\/p><p><span style=\"font-weight: 400;\">El Comit\u00e9 de Selecci\u00f3n se compromete a llevar a cabo un proceso reflexivo, riguroso, justo e inclusivo, respetando al mismo tiempo la confidencialidad necesaria para atraer y evaluar al mejor grupo posible de candidatos para este cargo de liderazgo tan importante.<\/span><\/p>\t\t\t\t\t\t\t\t<\/div>\n\t\t\t\t<\/div>\n\t\t\t\t\t<\/details>\n\t\t\t\t\t\t<details id=\"e-n-accordion-item-2482\" class=\"e-n-accordion-item\" >\n\t\t\t\t<summary class=\"e-n-accordion-item-title\" data-accordion-index=\"3\" tabindex=\"-1\" aria-expanded=\"false\" aria-controls=\"e-n-accordion-item-2482\" >\n\t\t\t\t\t<span class='e-n-accordion-item-title-header'><div class=\"e-n-accordion-item-title-text\"> \u00bfC\u00f3mo puede la comunidad arquidiocesana apoyar el proceso de b\u00fasqueda? <\/div><\/span>\n\t\t\t\t\t\t\t<span class='e-n-accordion-item-title-icon'>\n\t\t\t<span class='e-opened' ><i aria-hidden=\"true\" class=\"fas fa-minus\"><\/i><\/span>\n\t\t\t<span class='e-closed'><i aria-hidden=\"true\" class=\"fas fa-plus\"><\/i><\/span>\n\t\t<\/span>\n\n\t\t\t\t\t\t<\/summary>\n\t\t\t\t<div role=\"region\" aria-labelledby=\"e-n-accordion-item-2482\" class=\"elementor-element elementor-element-305ba3a e-con-full e-flex e-con e-child\" data-id=\"305ba3a\" data-element_type=\"container\" data-e-type=\"container\" data-settings=\"{&quot;jet_parallax_layout_list&quot;:[]}\">\n\t\t\t\t<div class=\"elementor-element elementor-element-1c49505 elementor-widget elementor-widget-text-editor\" data-id=\"1c49505\" data-element_type=\"widget\" data-e-type=\"widget\" data-widget_type=\"text-editor.default\">\n\t\t\t\t\t\t\t\t\t<p><span style=\"font-weight: 400;\">La Arquidi\u00f3cesis de Saint Paul y Minneapolis invita a una participaci\u00f3n amplia y significativa en la b\u00fasqueda de su pr\u00f3ximo Director de Educaci\u00f3n Cat\u00f3lica y Superintendente de Escuelas. La participaci\u00f3n de la comunidad es una parte esencial de este proceso de discernimiento y se incorporar\u00e1 de varias maneras espec\u00edficas.<\/span><\/p><p><span style=\"font-weight: 400;\">Partners in Mission llevar\u00e1 a cabo una encuesta en toda la comunidad para recabar opiniones de las principales partes interesadas, entre ellas pastores, directores, docentes, personal, padres, alumnos y otros colaboradores de la educaci\u00f3n cat\u00f3lica. Esta informaci\u00f3n ayudar\u00e1 al Comit\u00e9 de Selecci\u00f3n a comprender cu\u00e1les son las prioridades, las cualidades de liderazgo y las oportunidades m\u00e1s importantes para el futuro de las escuelas cat\u00f3licas de toda la Arquidi\u00f3cesis.<\/span><\/p><p><span style=\"font-weight: 400;\">Adem\u00e1s, Partners in Mission llevar\u00e1 a cabo sesiones de di\u00e1logo con grupos representativos de las partes interesadas para obtener una visi\u00f3n m\u00e1s profunda de los puntos fuertes del sistema escolar, la realidad actual y las esperanzas de un crecimiento continuo y un mayor impacto de la misi\u00f3n.<\/span><\/p><p><span style=\"font-weight: 400;\">A lo largo del proceso de selecci\u00f3n, se anima a la comunidad arquidiocesana a mantenerse informada revisando las actualizaciones que comparta el Comit\u00e9 de Selecci\u00f3n y visitando esta p\u00e1gina web para consultar las comunicaciones relativas al proceso, el calendario y los hitos clave. Una vez identificados los finalistas, se invitar\u00e1 a representantes seleccionados de las partes interesadas a participar en encuentros estructurados para conocer a los candidatos y aportar sus comentarios. Estos comentarios desempe\u00f1ar\u00e1n un papel importante a la hora de fundamentar la recomendaci\u00f3n final del Comit\u00e9 de Selecci\u00f3n.<\/span><\/p><p><span style=\"font-weight: 400;\">Por encima de todo, la Arquidi\u00f3cesis pide a la comunidad que rece por los miembros del Comit\u00e9 de Selecci\u00f3n y por los candidatos a medida que avanza esta importante labor de discernimiento, confiando en que el Esp\u00edritu Santo gu\u00ede el futuro de la educaci\u00f3n cat\u00f3lica.<\/span><\/p>\t\t\t\t\t\t\t\t<\/div>\n\t\t\t\t<\/div>\n\t\t\t\t\t<\/details>\n\t\t\t\t\t<\/div>\n\t\t\t\t\t\t<\/div>\n\t\t\t\t\t<\/div>\n\t\t\t\t<\/div>\n\t\t<div class=\"elementor-element elementor-element-9cd9a46 e-flex e-con-boxed e-con e-parent\" data-id=\"9cd9a46\" data-element_type=\"container\" data-e-type=\"container\" data-settings=\"{&quot;jet_parallax_layout_list&quot;:[]}\">\n\t\t\t\t\t<div class=\"e-con-inner\">\n\t\t\t\t<div class=\"elementor-element elementor-element-3d6df59 elementor-widget elementor-widget-heading\" data-id=\"3d6df59\" data-element_type=\"widget\" data-e-type=\"widget\" data-widget_type=\"heading.default\">\n\t\t\t\t\t<h2 class=\"elementor-heading-title elementor-size-default\">Comunicaciones relacionadas con las b\u00fasquedas<\/h2>\t\t\t\t<\/div>\n\t\t<div class=\"elementor-element elementor-element-a008c98 e-con-full e-grid e-con e-child\" data-id=\"a008c98\" data-element_type=\"container\" data-e-type=\"container\" data-settings=\"{&quot;jet_parallax_layout_list&quot;:[]}\">\n\t\t<div class=\"elementor-element elementor-element-1325e77 e-con-full e-flex e-con e-child\" data-id=\"1325e77\" data-element_type=\"container\" data-e-type=\"container\" data-settings=\"{&quot;jet_parallax_layout_list&quot;:[]}\">\n\t\t\t\t<div class=\"elementor-element elementor-element-1cc3c33 elementor-widget elementor-widget-heading\" data-id=\"1cc3c33\" data-element_type=\"widget\" data-e-type=\"widget\" data-widget_type=\"heading.default\">\n\t\t\t\t\t<h3 class=\"elementor-heading-title elementor-size-default\">26 de marzo de 2026<\/h3>\t\t\t\t<\/div>\n\t\t\t\t<div class=\"elementor-element elementor-element-62a08b6 elementor-widget elementor-widget-button\" data-id=\"62a08b6\" data-element_type=\"widget\" data-e-type=\"widget\" data-widget_type=\"button.default\">\n\t\t\t\t\t\t\t\t\t\t<a class=\"elementor-button elementor-button-link elementor-size-sm\" href=\"https:\/\/archspm1.sharepoint.com\/:b:\/s\/ResourceLibrary\/IQAWMGsNTmAmS4omwZuonxaEARj4mbPjxiuvFJ6co-sB9qE?e=97WC79\" target=\"_blank\" rel=\"noopener\">\n\t\t\t\t\t\t<span class=\"elementor-button-content-wrapper\">\n\t\t\t\t\t\t\t\t\t<span class=\"elementor-button-text\">Carta del arzobispo Hebda, nombramiento del comit\u00e9 de b\u00fasqueda<\/span>\n\t\t\t\t\t<\/span>\n\t\t\t\t\t<\/a>\n\t\t\t\t\t\t\t\t<\/div>\n\t\t\t\t<\/div>\n\t\t<div class=\"elementor-element elementor-element-6ea9ea8 e-con-full e-flex e-con e-child\" data-id=\"6ea9ea8\" data-element_type=\"container\" data-e-type=\"container\" data-settings=\"{&quot;jet_parallax_layout_list&quot;:[]}\">\n\t\t\t\t<div class=\"elementor-element elementor-element-dd8eade elementor-widget elementor-widget-heading\" data-id=\"dd8eade\" data-element_type=\"widget\" data-e-type=\"widget\" data-widget_type=\"heading.default\">\n\t\t\t\t\t<h3 class=\"elementor-heading-title elementor-size-default\">5 de marzo de 2026<\/h3>\t\t\t\t<\/div>\n\t\t\t\t<div class=\"elementor-element elementor-element-49cf5eb elementor-widget elementor-widget-button\" data-id=\"49cf5eb\" data-element_type=\"widget\" data-e-type=\"widget\" data-widget_type=\"button.default\">\n\t\t\t\t\t\t\t\t\t\t<a class=\"elementor-button elementor-button-link elementor-size-sm\" href=\"https:\/\/archspm1.sharepoint.com\/:b:\/s\/ResourceLibrary\/IQCG-v7pFdLRT5vqDqLfZFMhAVMvoGCK9HzEEX_E7ucjOR4\" target=\"_blank\" rel=\"noopener\">\n\t\t\t\t\t\t<span class=\"elementor-button-content-wrapper\">\n\t\t\t\t\t\t\t\t\t<span class=\"elementor-button-text\">Carta del presidente del comit\u00e9 de selecci\u00f3n, el obispo Michael Izen; se ha constituido el comit\u00e9 de selecci\u00f3n<\/span>\n\t\t\t\t\t<\/span>\n\t\t\t\t\t<\/a>\n\t\t\t\t\t\t\t\t<\/div>\n\t\t\t\t<\/div>\n\t\t<div class=\"elementor-element elementor-element-5dd4187 e-con-full e-flex e-con e-child\" data-id=\"5dd4187\" data-element_type=\"container\" data-e-type=\"container\" data-settings=\"{&quot;jet_parallax_layout_list&quot;:[]}\">\n\t\t\t\t<div class=\"elementor-element elementor-element-0f10297 elementor-widget elementor-widget-heading\" data-id=\"0f10297\" data-element_type=\"widget\" data-e-type=\"widget\" data-widget_type=\"heading.default\">\n\t\t\t\t\t<h3 class=\"elementor-heading-title elementor-size-default\">13 de febrero de 2026<\/h3>\t\t\t\t<\/div>\n\t\t\t\t<div class=\"elementor-element elementor-element-324bc93 elementor-widget elementor-widget-button\" data-id=\"324bc93\" data-element_type=\"widget\" data-e-type=\"widget\" data-widget_type=\"button.default\">\n\t\t\t\t\t\t\t\t\t\t<a class=\"elementor-button elementor-button-link elementor-size-sm\" href=\"https:\/\/www.archspm.org\/es\/archdiocese-launches-search-for-director-of-catholic-education-and-superintendent-of-schools\/\">\n\t\t\t\t\t\t<span class=\"elementor-button-content-wrapper\">\n\t\t\t\t\t\t\t\t\t<span class=\"elementor-button-text\">Convocatoria p\u00fablica para cubrir los puestos de Director de Educaci\u00f3n Cat\u00f3lica y Superintendente de Escuelas<\/span>\n\t\t\t\t\t<\/span>\n\t\t\t\t\t<\/a>\n\t\t\t\t\t\t\t\t<\/div>\n\t\t\t\t<\/div>\n\t\t<div class=\"elementor-element elementor-element-60a4991 e-con-full e-flex e-con e-child\" data-id=\"60a4991\" data-element_type=\"container\" data-e-type=\"container\" data-settings=\"{&quot;jet_parallax_layout_list&quot;:[]}\">\n\t\t\t\t<div class=\"elementor-element elementor-element-663f6c8 elementor-widget elementor-widget-heading\" data-id=\"663f6c8\" data-element_type=\"widget\" data-e-type=\"widget\" data-widget_type=\"heading.default\">\n\t\t\t\t\t<h3 class=\"elementor-heading-title elementor-size-default\">23 de enero de 2026<\/h3>\t\t\t\t<\/div>\n\t\t\t\t<div class=\"elementor-element elementor-element-64a406a elementor-widget elementor-widget-button\" data-id=\"64a406a\" data-element_type=\"widget\" data-e-type=\"widget\" data-widget_type=\"button.default\">\n\t\t\t\t\t\t\t\t\t\t<a class=\"elementor-button elementor-button-link elementor-size-sm\" href=\"https:\/\/archspmmainsite.s3.us-east-1.amazonaws.com\/Offices\/HR+and+Benefits\/Search+letter%2C+OMCE+Director+2026.pdf\" target=\"_blank\" rel=\"noopener\">\n\t\t\t\t\t\t<span class=\"elementor-button-content-wrapper\">\n\t\t\t\t\t\t\t\t\t<span class=\"elementor-button-text\">Carta del arzobispo Bernard Hebda y encuesta enviada a la comunidad arquidiocesana<\/span>\n\t\t\t\t\t<\/span>\n\t\t\t\t\t<\/a>\n\t\t\t\t\t\t\t\t<\/div>\n\t\t\t\t<\/div>\n\t\t<div class=\"elementor-element elementor-element-e31b5cf e-con-full e-flex e-con e-child\" data-id=\"e31b5cf\" data-element_type=\"container\" data-e-type=\"container\" data-settings=\"{&quot;jet_parallax_layout_list&quot;:[]}\">\n\t\t\t\t<div class=\"elementor-element elementor-element-e2e5a27 elementor-widget elementor-widget-heading\" data-id=\"e2e5a27\" data-element_type=\"widget\" data-e-type=\"widget\" data-widget_type=\"heading.default\">\n\t\t\t\t\t<h3 class=\"elementor-heading-title elementor-size-default\">24 de octubre de 2025<\/h3>\t\t\t\t<\/div>\n\t\t\t\t<div class=\"elementor-element elementor-element-0731746 elementor-widget elementor-widget-button\" data-id=\"0731746\" data-element_type=\"widget\" data-e-type=\"widget\" data-widget_type=\"button.default\">\n\t\t\t\t\t\t\t\t\t\t<a class=\"elementor-button elementor-button-link elementor-size-sm\" href=\"https:\/\/www.archspm.org\/es\/statement-regarding-dr-jason-slattery\/\">\n\t\t\t\t\t\t<span class=\"elementor-button-content-wrapper\">\n\t\t\t\t\t\t\t\t\t<span class=\"elementor-button-text\">Declaraci\u00f3n del arzobispo Bernard Hebda sobre el Dr. Jason Slattery<\/span>\n\t\t\t\t\t<\/span>\n\t\t\t\t\t<\/a>\n\t\t\t\t\t\t\t\t<\/div>\n\t\t\t\t<\/div>\n\t\t\t\t<\/div>\n\t\t\t\t\t<\/div>\n\t\t\t\t<\/div>\n\t\t\t\t<\/div>","protected":false},"excerpt":{"rendered":"<p>Director of Catholic Education and Superintendent of Schools The Archdiocese of Saint Paul and Minneapolis is conducting a national search for its next Director of Catholic Education and Superintendent of Schools, a visionary leader called to guide and strengthen Catholic schools and parish catechesis programs, partnering closely with the Archbishop, pastors, school leaders, clergy, and [&hellip;]<\/p>\n","protected":false},"author":4,"featured_media":9656,"parent":0,"menu_order":0,"comment_status":"closed","ping_status":"closed","template":"","meta":{"footnotes":""},"class_list":["post-13647","page","type-page","status-publish","has-post-thumbnail","hentry"],"_links":{"self":[{"href":"https:\/\/www.archspm.org\/es\/wp-json\/wp\/v2\/pages\/13647","targetHints":{"allow":["GET"]}}],"collection":[{"href":"https:\/\/www.archspm.org\/es\/wp-json\/wp\/v2\/pages"}],"about":[{"href":"https:\/\/www.archspm.org\/es\/wp-json\/wp\/v2\/types\/page"}],"author":[{"embeddable":true,"href":"https:\/\/www.archspm.org\/es\/wp-json\/wp\/v2\/users\/4"}],"replies":[{"embeddable":true,"href":"https:\/\/www.archspm.org\/es\/wp-json\/wp\/v2\/comments?post=13647"}],"version-history":[{"count":5,"href":"https:\/\/www.archspm.org\/es\/wp-json\/wp\/v2\/pages\/13647\/revisions"}],"predecessor-version":[{"id":14770,"href":"https:\/\/www.archspm.org\/es\/wp-json\/wp\/v2\/pages\/13647\/revisions\/14770"}],"wp:featuredmedia":[{"embeddable":true,"href":"https:\/\/www.archspm.org\/es\/wp-json\/wp\/v2\/media\/9656"}],"wp:attachment":[{"href":"https:\/\/www.archspm.org\/es\/wp-json\/wp\/v2\/media?parent=13647"}],"curies":[{"name":"wp","href":"https:\/\/api.w.org\/{rel}","templated":true}]}}